{"id":10882,"date":"2025-11-25T10:42:28","date_gmt":"2025-11-25T08:42:28","guid":{"rendered":"https:\/\/graniaid.fi\/graniaid-charity-concert-7-2-2026-2\/"},"modified":"2025-11-25T10:44:45","modified_gmt":"2025-11-25T08:44:45","slug":"graniaid-charity-concert-7-2-2026-2","status":"publish","type":"page","link":"https:\/\/graniaid.fi\/en\/graniaid-charity-concert-7-2-2026-2\/","title":{"rendered":"GraniAID &#8211; Charity concert 7.2.2026"},"content":{"rendered":"\n<h3 class=\"wp-block-heading\">When: <strong>7.2.2025 | 19.00-22.00 (doors open at 18.00)<\/strong><br\/>Where: <strong>Uusi Paviljonki, Kauniainen (L\u00e4ntinen koulupolku 3, 02700 Kauniainen<\/strong>)<br\/>Why: <strong>Great music, in even better company<\/strong><br\/>Price: <strong>Early Bird 38\u20ac<\/strong> <strong>(incl. entry fee)<\/strong><\/h3>\n\n<div class=\"wp-block-buttons is-layout-flex wp-block-buttons-is-layout-flex\">\n<div class=\"wp-block-button\"><a class=\"wp-block-button__link wp-element-button\" href=\"https:\/\/www.eventim-light.com\/fi\/a\/68f0bc94e31d1c4adc3a9806\/e\/6915f9caa91ab87ffebf5166\"><strong>Buy tickets now!<\/strong><\/a><\/div>\n<\/div>\n\n<p><strong>GraniAID is an annual charity concert<\/strong> that brings together music, community and the warm local spirit of Kauniainen. The evening will be full of experiences, energy and the power of working together &#8211; to help those who need companionship and support in their daily lives. <strong>Proceeds from the concert<\/strong> will be used to support Gran&#8217;s work to reduce loneliness in Kauniainen. <\/p>\n\n<h3 class=\"wp-block-heading\"><strong>The stage will feature a diverse and energetic line-up of top Finnish names:<\/strong><\/h3>\n\n<ul class=\"wp-block-list\">\n<li><strong>Nina Tapio<\/strong><\/li>\n\n\n\n<li><strong>Ilari H\u00e4m\u00e4l\u00e4inen<\/strong><\/li>\n\n\n\n<li><strong>Nina Lindroos<\/strong><\/li>\n\n\n\n<li><strong>Jannike Sandstr\u00f6m<\/strong><\/li>\n\n\n\n<li><strong>Type Johnson<\/strong><\/li>\n\n\n\n<li><strong>Laura Airaksinen<\/strong><\/li>\n\n\n\n<li><strong>Houseband: Vikings in Black<\/strong><\/li>\n<\/ul>\n\n<p>It&#8217;s a pop &#8216;n&#8217; roll experience full of emotion, power and community.<\/p>\n\n<h3 class=\"wp-block-heading\"><strong>Together against loneliness<\/strong><\/h3>\n\n<p>GraniAID is not just a concert &#8211; it is a promise that the Kauniainen community cares.<br\/>Join us to fill the New Pavilion with music, joy and good intentions.<\/p>\n\n<p><\/p>\n","protected":false},"excerpt":{"rendered":"<p>When: 7.2.2025 | 19.00-22.00 (doors open at 18.00)Where: Uusi Paviljonki, Kauniainen (L\u00e4ntinen koulupolku 3, 02700 Kauniainen)Why: Great music, in even better companyPrice: Early Bird 38\u20ac (incl. entry fee) GraniAID is [&hellip;]<\/p>\n","protected":false},"author":5,"featured_media":10840,"parent":0,"menu_order":0,"comment_status":"closed","ping_status":"closed","template":"","meta":{"site-sidebar-layout":"default","site-content-layout":"","ast-site-content-layout":"default","site-content-style":"default","site-sidebar-style":"default","ast-global-header-display":"","ast-banner-title-visibility":"","ast-main-header-display":"","ast-hfb-above-header-display":"","ast-hfb-below-header-display":"","ast-hfb-mobile-header-display":"","site-post-title":"","ast-breadcrumbs-content":"","ast-featured-img":"","footer-sml-layout":"","theme-transparent-header-meta":"","adv-header-id-meta":"","stick-header-meta":"","header-above-stick-meta":"","header-main-stick-meta":"","header-below-stick-meta":"","astra-migrate-meta-layouts":"default","ast-page-background-enabled":"default","ast-page-background-meta":{"desktop":{"background-color":"var(--ast-global-color-5)","background-image":"","background-repeat":"repeat","background-position":"center center","background-size":"auto","background-attachment":"scroll","background-type":"","background-media":"","overlay-type":"","overlay-color":"","overlay-opacity":"","overlay-gradient":""},"tablet":{"background-color":"","background-image":"","background-repeat":"repeat","background-position":"center center","background-size":"auto","background-attachment":"scroll","background-type":"","background-media":"","overlay-type":"","overlay-color":"","overlay-opacity":"","overlay-gradient":""},"mobile":{"background-color":"","background-image":"","background-repeat":"repeat","background-position":"center center","background-size":"auto","background-attachment":"scroll","background-type":"","background-media":"","overlay-type":"","overlay-color":"","overlay-opacity":"","overlay-gradient":""}},"ast-content-background-meta":{"desktop":{"background-color":"var(--ast-global-color-4)","background-image":"","background-repeat":"repeat","background-position":"center center","background-size":"auto","background-attachment":"scroll","background-type":"","background-media":"","overlay-type":"","overlay-color":"","overlay-opacity":"","overlay-gradient":""},"tablet":{"background-color":"var(--ast-global-color-4)","background-image":"","background-repeat":"repeat","background-position":"center center","background-size":"auto","background-attachment":"scroll","background-type":"","background-media":"","overlay-type":"","overlay-color":"","overlay-opacity":"","overlay-gradient":""},"mobile":{"background-color":"var(--ast-global-color-4)","background-image":"","background-repeat":"repeat","background-position":"center center","background-size":"auto","background-attachment":"scroll","background-type":"","background-media":"","overlay-type":"","overlay-color":"","overlay-opacity":"","overlay-gradient":""}},"footnotes":""},"class_list":["post-10882","page","type-page","status-publish","has-post-thumbnail","hentry"],"yoast_head":"<!-- This site is optimized with the Yoast SEO plugin v27.5 - https:\/\/yoast.com\/product\/yoast-seo-wordpress\/ -->\n<title>GraniAID - Charity concert 7.2.2026 - GraniAID<\/title>\n<meta name=\"robots\" content=\"index, follow, max-snippet:-1, max-image-preview:large, max-video-preview:-1\" \/>\n<link rel=\"canonical\" href=\"https:\/\/graniaid.fi\/en\/graniaid-charity-concert-7-2-2026-2\/\" \/>\n<meta property=\"og:locale\" content=\"en_US\" \/>\n<meta property=\"og:type\" content=\"article\" \/>\n<meta property=\"og:title\" content=\"GraniAID - Charity concert 7.2.2026 - GraniAID\" \/>\n<meta property=\"og:description\" content=\"When: 7.2.2025 | 19.00-22.00 (doors open at 18.00)Where: Uusi Paviljonki, Kauniainen (L\u00e4ntinen koulupolku 3, 02700 Kauniainen)Why: Great music, in even better companyPrice: Early Bird 38\u20ac (incl. entry fee) GraniAID is [&hellip;]\" \/>\n<meta property=\"og:url\" content=\"https:\/\/graniaid.fi\/en\/graniaid-charity-concert-7-2-2026-2\/\" \/>\n<meta property=\"og:site_name\" content=\"GraniAID\" \/>\n<meta property=\"article:modified_time\" content=\"2025-11-25T08:44:45+00:00\" \/>\n<meta property=\"og:image\" content=\"https:\/\/graniaid.fi\/wp-content\/uploads\/2025\/11\/GraniAID-1080-x-1920-1-compress.png\" \/>\n\t<meta property=\"og:image:width\" content=\"1920\" \/>\n\t<meta property=\"og:image:height\" content=\"1080\" \/>\n\t<meta property=\"og:image:type\" content=\"image\/png\" \/>\n<meta name=\"twitter:card\" content=\"summary_large_image\" \/>\n<meta name=\"twitter:label1\" content=\"Est. reading time\" \/>\n\t<meta name=\"twitter:data1\" content=\"1 minute\" \/>\n<script type=\"application\/ld+json\" class=\"yoast-schema-graph\">{\"@context\":\"https:\\\/\\\/schema.org\",\"@graph\":[{\"@type\":\"WebPage\",\"@id\":\"https:\\\/\\\/graniaid.fi\\\/en\\\/graniaid-charity-concert-7-2-2026-2\\\/\",\"url\":\"https:\\\/\\\/graniaid.fi\\\/en\\\/graniaid-charity-concert-7-2-2026-2\\\/\",\"name\":\"GraniAID - Charity concert 7.2.2026 - GraniAID\",\"isPartOf\":{\"@id\":\"https:\\\/\\\/graniaid.fi\\\/en\\\/#website\"},\"primaryImageOfPage\":{\"@id\":\"https:\\\/\\\/graniaid.fi\\\/en\\\/graniaid-charity-concert-7-2-2026-2\\\/#primaryimage\"},\"image\":{\"@id\":\"https:\\\/\\\/graniaid.fi\\\/en\\\/graniaid-charity-concert-7-2-2026-2\\\/#primaryimage\"},\"thumbnailUrl\":\"https:\\\/\\\/graniaid.fi\\\/wp-content\\\/uploads\\\/2025\\\/11\\\/GraniAID-1080-x-1920-1-compress.png\",\"datePublished\":\"2025-11-25T08:42:28+00:00\",\"dateModified\":\"2025-11-25T08:44:45+00:00\",\"breadcrumb\":{\"@id\":\"https:\\\/\\\/graniaid.fi\\\/en\\\/graniaid-charity-concert-7-2-2026-2\\\/#breadcrumb\"},\"inLanguage\":\"en-US\",\"potentialAction\":[{\"@type\":\"ReadAction\",\"target\":[\"https:\\\/\\\/graniaid.fi\\\/en\\\/graniaid-charity-concert-7-2-2026-2\\\/\"]}]},{\"@type\":\"ImageObject\",\"inLanguage\":\"en-US\",\"@id\":\"https:\\\/\\\/graniaid.fi\\\/en\\\/graniaid-charity-concert-7-2-2026-2\\\/#primaryimage\",\"url\":\"https:\\\/\\\/graniaid.fi\\\/wp-content\\\/uploads\\\/2025\\\/11\\\/GraniAID-1080-x-1920-1-compress.png\",\"contentUrl\":\"https:\\\/\\\/graniaid.fi\\\/wp-content\\\/uploads\\\/2025\\\/11\\\/GraniAID-1080-x-1920-1-compress.png\",\"width\":1920,\"height\":1080},{\"@type\":\"BreadcrumbList\",\"@id\":\"https:\\\/\\\/graniaid.fi\\\/en\\\/graniaid-charity-concert-7-2-2026-2\\\/#breadcrumb\",\"itemListElement\":[{\"@type\":\"ListItem\",\"position\":1,\"name\":\"Etusivu\",\"item\":\"https:\\\/\\\/graniaid.fi\\\/en\\\/\"},{\"@type\":\"ListItem\",\"position\":2,\"name\":\"GraniAID &#8211; Charity concert 7.2.2026\"}]},{\"@type\":\"WebSite\",\"@id\":\"https:\\\/\\\/graniaid.fi\\\/en\\\/#website\",\"url\":\"https:\\\/\\\/graniaid.fi\\\/en\\\/\",\"name\":\"GraniAID\",\"description\":\"Hyv\u00e4ntekev\u00e4isyysfestivaali\",\"publisher\":{\"@id\":\"https:\\\/\\\/graniaid.fi\\\/en\\\/#organization\"},\"potentialAction\":[{\"@type\":\"SearchAction\",\"target\":{\"@type\":\"EntryPoint\",\"urlTemplate\":\"https:\\\/\\\/graniaid.fi\\\/en\\\/?s={search_term_string}\"},\"query-input\":{\"@type\":\"PropertyValueSpecification\",\"valueRequired\":true,\"valueName\":\"search_term_string\"}}],\"inLanguage\":\"en-US\"},{\"@type\":\"Organization\",\"@id\":\"https:\\\/\\\/graniaid.fi\\\/en\\\/#organization\",\"name\":\"GraniAID\",\"url\":\"https:\\\/\\\/graniaid.fi\\\/en\\\/\",\"logo\":{\"@type\":\"ImageObject\",\"inLanguage\":\"en-US\",\"@id\":\"https:\\\/\\\/graniaid.fi\\\/en\\\/#\\\/schema\\\/logo\\\/image\\\/\",\"url\":\"https:\\\/\\\/graniaid.fi\\\/wp-content\\\/uploads\\\/2023\\\/07\\\/graniaid_300.png\",\"contentUrl\":\"https:\\\/\\\/graniaid.fi\\\/wp-content\\\/uploads\\\/2023\\\/07\\\/graniaid_300.png\",\"width\":300,\"height\":300,\"caption\":\"GraniAID\"},\"image\":{\"@id\":\"https:\\\/\\\/graniaid.fi\\\/en\\\/#\\\/schema\\\/logo\\\/image\\\/\"}}]}<\/script>\n<!-- \/ Yoast SEO plugin. -->","yoast_head_json":{"title":"GraniAID - Charity concert 7.2.2026 - GraniAID","robots":{"index":"index","follow":"follow","max-snippet":"max-snippet:-1","max-image-preview":"max-image-preview:large","max-video-preview":"max-video-preview:-1"},"canonical":"https:\/\/graniaid.fi\/en\/graniaid-charity-concert-7-2-2026-2\/","og_locale":"en_US","og_type":"article","og_title":"GraniAID - Charity concert 7.2.2026 - GraniAID","og_description":"When: 7.2.2025 | 19.00-22.00 (doors open at 18.00)Where: Uusi Paviljonki, Kauniainen (L\u00e4ntinen koulupolku 3, 02700 Kauniainen)Why: Great music, in even better companyPrice: Early Bird 38\u20ac (incl. entry fee) GraniAID is [&hellip;]","og_url":"https:\/\/graniaid.fi\/en\/graniaid-charity-concert-7-2-2026-2\/","og_site_name":"GraniAID","article_modified_time":"2025-11-25T08:44:45+00:00","og_image":[{"width":1920,"height":1080,"url":"https:\/\/graniaid.fi\/wp-content\/uploads\/2025\/11\/GraniAID-1080-x-1920-1-compress.png","type":"image\/png"}],"twitter_card":"summary_large_image","twitter_misc":{"Est. reading time":"1 minute"},"schema":{"@context":"https:\/\/schema.org","@graph":[{"@type":"WebPage","@id":"https:\/\/graniaid.fi\/en\/graniaid-charity-concert-7-2-2026-2\/","url":"https:\/\/graniaid.fi\/en\/graniaid-charity-concert-7-2-2026-2\/","name":"GraniAID - Charity concert 7.2.2026 - GraniAID","isPartOf":{"@id":"https:\/\/graniaid.fi\/en\/#website"},"primaryImageOfPage":{"@id":"https:\/\/graniaid.fi\/en\/graniaid-charity-concert-7-2-2026-2\/#primaryimage"},"image":{"@id":"https:\/\/graniaid.fi\/en\/graniaid-charity-concert-7-2-2026-2\/#primaryimage"},"thumbnailUrl":"https:\/\/graniaid.fi\/wp-content\/uploads\/2025\/11\/GraniAID-1080-x-1920-1-compress.png","datePublished":"2025-11-25T08:42:28+00:00","dateModified":"2025-11-25T08:44:45+00:00","breadcrumb":{"@id":"https:\/\/graniaid.fi\/en\/graniaid-charity-concert-7-2-2026-2\/#breadcrumb"},"inLanguage":"en-US","potentialAction":[{"@type":"ReadAction","target":["https:\/\/graniaid.fi\/en\/graniaid-charity-concert-7-2-2026-2\/"]}]},{"@type":"ImageObject","inLanguage":"en-US","@id":"https:\/\/graniaid.fi\/en\/graniaid-charity-concert-7-2-2026-2\/#primaryimage","url":"https:\/\/graniaid.fi\/wp-content\/uploads\/2025\/11\/GraniAID-1080-x-1920-1-compress.png","contentUrl":"https:\/\/graniaid.fi\/wp-content\/uploads\/2025\/11\/GraniAID-1080-x-1920-1-compress.png","width":1920,"height":1080},{"@type":"BreadcrumbList","@id":"https:\/\/graniaid.fi\/en\/graniaid-charity-concert-7-2-2026-2\/#breadcrumb","itemListElement":[{"@type":"ListItem","position":1,"name":"Etusivu","item":"https:\/\/graniaid.fi\/en\/"},{"@type":"ListItem","position":2,"name":"GraniAID &#8211; Charity concert 7.2.2026"}]},{"@type":"WebSite","@id":"https:\/\/graniaid.fi\/en\/#website","url":"https:\/\/graniaid.fi\/en\/","name":"GraniAID","description":"Hyv\u00e4ntekev\u00e4isyysfestivaali","publisher":{"@id":"https:\/\/graniaid.fi\/en\/#organization"},"potentialAction":[{"@type":"SearchAction","target":{"@type":"EntryPoint","urlTemplate":"https:\/\/graniaid.fi\/en\/?s={search_term_string}"},"query-input":{"@type":"PropertyValueSpecification","valueRequired":true,"valueName":"search_term_string"}}],"inLanguage":"en-US"},{"@type":"Organization","@id":"https:\/\/graniaid.fi\/en\/#organization","name":"GraniAID","url":"https:\/\/graniaid.fi\/en\/","logo":{"@type":"ImageObject","inLanguage":"en-US","@id":"https:\/\/graniaid.fi\/en\/#\/schema\/logo\/image\/","url":"https:\/\/graniaid.fi\/wp-content\/uploads\/2023\/07\/graniaid_300.png","contentUrl":"https:\/\/graniaid.fi\/wp-content\/uploads\/2023\/07\/graniaid_300.png","width":300,"height":300,"caption":"GraniAID"},"image":{"@id":"https:\/\/graniaid.fi\/en\/#\/schema\/logo\/image\/"}}]}},"_links":{"self":[{"href":"https:\/\/graniaid.fi\/en\/wp-json\/wp\/v2\/pages\/10882","targetHints":{"allow":["GET"]}}],"collection":[{"href":"https:\/\/graniaid.fi\/en\/wp-json\/wp\/v2\/pages"}],"about":[{"href":"https:\/\/graniaid.fi\/en\/wp-json\/wp\/v2\/types\/page"}],"author":[{"embeddable":true,"href":"https:\/\/graniaid.fi\/en\/wp-json\/wp\/v2\/users\/5"}],"replies":[{"embeddable":true,"href":"https:\/\/graniaid.fi\/en\/wp-json\/wp\/v2\/comments?post=10882"}],"version-history":[{"count":1,"href":"https:\/\/graniaid.fi\/en\/wp-json\/wp\/v2\/pages\/10882\/revisions"}],"predecessor-version":[{"id":10883,"href":"https:\/\/graniaid.fi\/en\/wp-json\/wp\/v2\/pages\/10882\/revisions\/10883"}],"wp:featuredmedia":[{"embeddable":true,"href":"https:\/\/graniaid.fi\/en\/wp-json\/wp\/v2\/media\/10840"}],"wp:attachment":[{"href":"https:\/\/graniaid.fi\/en\/wp-json\/wp\/v2\/media?parent=10882"}],"curies":[{"name":"wp","href":"https:\/\/api.w.org\/{rel}","templated":true}]}}