{"id":10867,"date":"2025-11-25T10:26:06","date_gmt":"2025-11-25T08:26:06","guid":{"rendered":"https:\/\/graniaid.fi\/graniaid-valgorenhetskonsert-7-2-2026\/"},"modified":"2026-02-07T13:09:47","modified_gmt":"2026-02-07T11:09:47","slug":"graniaid-valgorenhetskonsert-7-2-2026","status":"publish","type":"page","link":"https:\/\/graniaid.fi\/sv\/graniaid-valgorenhetskonsert-7-2-2026\/","title":{"rendered":"GraniAID 7.2.2026"},"content":{"rendered":"\n<h1 class=\"wp-block-heading\">GraniAID 7.2.2026<\/h1>\n\n\n\n<h5 class=\"wp-block-heading\">N\u00e4r: 7.2.2026 | kl 19-22 (d\u00f6rrarna \u00f6ppnas kl. 18)<br>Var: Nya Paviljongen, Grankulla<br>Varf\u00f6r: Utm\u00e4rkt musik<br>Pris: 40 \u20ac (inkl. v\u00e4lkomstdrink)<\/h5>\n\n\n\n<div class=\"wp-block-buttons is-layout-flex wp-block-buttons-is-layout-flex\">\n<div class=\"wp-block-button\"><a class=\"wp-block-button__link wp-element-button\" href=\"https:\/\/www.eventim-light.com\/fi\/a\/68f0bc94e31d1c4adc3a9806\/e\/6915f9caa91ab87ffebf5166\"><strong>K\u00f6p biljetter nu!<\/strong><\/a><\/div>\n<\/div>\n\n\n\n<h2 class=\"wp-block-heading\"><strong>Om biljettj\u00e4nsten inte fungerar \u2013 ingen fara, biljetter kan k\u00f6pas vid d\u00f6rren!<\/strong><\/h2>\n\n\n\n<p>GraniAID \u00e4r en \u00e5rlig v\u00e4lg\u00f6renhetskonsert som samlar musik, gemenskap och den varma lokala andan i Grankulla. Kv\u00e4llen \u00e4r fylld av upplevelser, energi och kraften i att g\u00f6ra saker tillsammans \u2013 med m\u00e5let att hj\u00e4lpa dem som beh\u00f6ver s\u00e4llskap och st\u00f6d i vardagen. Int\u00e4kterna fr\u00e5n konserten anv\u00e4nds till Granin L\u00e4hiapus arbete f\u00f6r att minska ensamheten i Grankulla. <\/p>\n\n\n\n<p>V\u00e4lg\u00f6renhet, goda v\u00e4nner och fantastisk musik. Ta ett glas fr\u00e5n baren och kom och njut av den unika atmosf\u00e4ren. Tillsammans mot ensamhet.  <\/p>\n\n\n\n<h3 class=\"wp-block-heading\"><strong>P\u00e5 scenen ser vi ett m\u00e5ngsidigt och energiskt urval av finl\u00e4ndska toppnamn:<\/strong><\/h3>\n\n\n\n<ul class=\"wp-block-list\">\n<li><strong>Nina Tapio<\/strong><\/li>\n\n\n\n<li><strong>Ilari H\u00e4m\u00e4l\u00e4inen<\/strong><\/li>\n\n\n\n<li><strong>Nina Lindroos<\/strong><\/li>\n\n\n\n<li><strong>Jannike Sandstr\u00f6m<\/strong><\/li>\n\n\n\n<li><strong>Tipe Johnson<\/strong><\/li>\n\n\n\n<li><strong>Laura Airaksinen<\/strong><\/li>\n\n\n\n<li><strong>Houseband: Vikings in Black<\/strong><\/li>\n<\/ul>\n\n\n\n<p>Det \u00e4r en pop &#8217;n&#8217; roll-upplevelse full av k\u00e4nslor, kraft och gemenskap.<\/p>\n\n\n\n<h3 class=\"wp-block-heading\"><strong>Tillsammans mot ensamhet<\/strong><\/h3>\n\n\n\n<p>GraniAID \u00e4r inte bara en konsert &#8211; det \u00e4r ett l\u00f6fte om att Grankulla kommun bryr sig. Var med och fyll den Nya Paviljongen med musik, gl\u00e4dje och goda avsikter.<\/p>\n\n\n\n<hr class=\"wp-block-separator has-alpha-channel-opacity\"\/>\n\n\n\n<h5 class=\"wp-block-heading\">F\u00f6r mer information om evenemanget:<br>Antti Harsunen,<br>040 6879090,<br>antti.harsunen@gmail.com<\/h5>\n\n\n\n<p><\/p>\n","protected":false},"excerpt":{"rendered":"<p>GraniAID 7.2.2026 N\u00e4r: 7.2.2026 | kl 19-22 (d\u00f6rrarna \u00f6ppnas kl. 18)Var: Nya Paviljongen, GrankullaVarf\u00f6r: Utm\u00e4rkt musikPris: 40 \u20ac (inkl. v\u00e4lkomstdrink) Om biljettj\u00e4nsten inte fungerar \u2013 ingen fara, biljetter kan k\u00f6pas [&hellip;]<\/p>\n","protected":false},"author":5,"featured_media":10841,"parent":0,"menu_order":0,"comment_status":"closed","ping_status":"closed","template":"","meta":{"site-sidebar-layout":"default","site-content-layout":"","ast-site-content-layout":"default","site-content-style":"default","site-sidebar-style":"default","ast-global-header-display":"","ast-banner-title-visibility":"","ast-main-header-display":"","ast-hfb-above-header-display":"","ast-hfb-below-header-display":"","ast-hfb-mobile-header-display":"","site-post-title":"disabled","ast-breadcrumbs-content":"","ast-featured-img":"","footer-sml-layout":"","theme-transparent-header-meta":"","adv-header-id-meta":"","stick-header-meta":"","header-above-stick-meta":"","header-main-stick-meta":"","header-below-stick-meta":"","astra-migrate-meta-layouts":"default","ast-page-background-enabled":"default","ast-page-background-meta":{"desktop":{"background-color":"var(--ast-global-color-5)","background-image":"","background-repeat":"repeat","background-position":"center center","background-size":"auto","background-attachment":"scroll","background-type":"","background-media":"","overlay-type":"","overlay-color":"","overlay-opacity":"","overlay-gradient":""},"tablet":{"background-color":"","background-image":"","background-repeat":"repeat","background-position":"center center","background-size":"auto","background-attachment":"scroll","background-type":"","background-media":"","overlay-type":"","overlay-color":"","overlay-opacity":"","overlay-gradient":""},"mobile":{"background-color":"","background-image":"","background-repeat":"repeat","background-position":"center center","background-size":"auto","background-attachment":"scroll","background-type":"","background-media":"","overlay-type":"","overlay-color":"","overlay-opacity":"","overlay-gradient":""}},"ast-content-background-meta":{"desktop":{"background-color":"var(--ast-global-color-4)","background-image":"","background-repeat":"repeat","background-position":"center center","background-size":"auto","background-attachment":"scroll","background-type":"","background-media":"","overlay-type":"","overlay-color":"","overlay-opacity":"","overlay-gradient":""},"tablet":{"background-color":"var(--ast-global-color-4)","background-image":"","background-repeat":"repeat","background-position":"center center","background-size":"auto","background-attachment":"scroll","background-type":"","background-media":"","overlay-type":"","overlay-color":"","overlay-opacity":"","overlay-gradient":""},"mobile":{"background-color":"var(--ast-global-color-4)","background-image":"","background-repeat":"repeat","background-position":"center center","background-size":"auto","background-attachment":"scroll","background-type":"","background-media":"","overlay-type":"","overlay-color":"","overlay-opacity":"","overlay-gradient":""}},"footnotes":""},"class_list":["post-10867","page","type-page","status-publish","has-post-thumbnail","hentry"],"yoast_head":"<!-- This site is optimized with the Yoast SEO plugin v27.5 - https:\/\/yoast.com\/product\/yoast-seo-wordpress\/ -->\n<title>GraniAID 7.2.2026 - GraniAID<\/title>\n<meta name=\"description\" content=\"GraniAID \u00e4r en \u00e5rlig v\u00e4lg\u00f6renhetskonsert som sammanf\u00f6r musik, gemenskap och den varma lokala andan i Grankulla. Kv\u00e4llen \u00e4r full av upplevelser, energi och kraften i att arbeta tillsammans - f\u00f6r att hj\u00e4lpa dem som beh\u00f6ver s\u00e4llskap och st\u00f6d i sin vardag. Int\u00e4kterna fr\u00e5n konserten kommer att anv\u00e4ndas f\u00f6r att st\u00f6dja Grans arbete f\u00f6r att minska ensamheten i Grankulla.\" \/>\n<meta name=\"robots\" content=\"index, follow, max-snippet:-1, max-image-preview:large, max-video-preview:-1\" \/>\n<link rel=\"canonical\" href=\"https:\/\/graniaid.fi\/sv\/graniaid-valgorenhetskonsert-7-2-2026\/\" \/>\n<meta property=\"og:locale\" content=\"sv_SE\" \/>\n<meta property=\"og:type\" content=\"article\" \/>\n<meta property=\"og:title\" content=\"GraniAID v\u00e4lg\u00f6renhetskonsert 7.2.2026\" \/>\n<meta property=\"og:description\" content=\"GraniAID \u00e4r en \u00e5rlig v\u00e4lg\u00f6renhetskonsert som sammanf\u00f6r musik, gemenskap och den varma lokala andan i Grankulla. Kv\u00e4llen \u00e4r full av upplevelser, energi och kraften i att arbeta tillsammans - f\u00f6r att hj\u00e4lpa dem som beh\u00f6ver s\u00e4llskap och st\u00f6d i sin vardag. Int\u00e4kterna fr\u00e5n konserten kommer att anv\u00e4ndas f\u00f6r att st\u00f6dja Grans arbete f\u00f6r att minska ensamheten i Grankulla.\" \/>\n<meta property=\"og:url\" content=\"https:\/\/graniaid.fi\/sv\/graniaid-valgorenhetskonsert-7-2-2026\/\" \/>\n<meta property=\"og:site_name\" content=\"GraniAID\" \/>\n<meta property=\"article:modified_time\" content=\"2026-02-07T11:09:47+00:00\" \/>\n<meta property=\"og:image\" content=\"https:\/\/graniaid.fi\/wp-content\/uploads\/2025\/11\/GraniAID-1080-x-1920-1-1024x576.png\" \/>\n<meta name=\"twitter:card\" content=\"summary_large_image\" \/>\n<meta name=\"twitter:label1\" content=\"Ber\u00e4knad l\u00e4stid\" \/>\n\t<meta name=\"twitter:data1\" content=\"2 minuter\" \/>\n<script type=\"application\/ld+json\" class=\"yoast-schema-graph\">{\"@context\":\"https:\\\/\\\/schema.org\",\"@graph\":[{\"@type\":\"WebPage\",\"@id\":\"https:\\\/\\\/graniaid.fi\\\/sv\\\/graniaid-valgorenhetskonsert-7-2-2026\\\/\",\"url\":\"https:\\\/\\\/graniaid.fi\\\/sv\\\/graniaid-valgorenhetskonsert-7-2-2026\\\/\",\"name\":\"GraniAID 7.2.2026 - GraniAID\",\"isPartOf\":{\"@id\":\"https:\\\/\\\/graniaid.fi\\\/sv\\\/#website\"},\"primaryImageOfPage\":{\"@id\":\"https:\\\/\\\/graniaid.fi\\\/sv\\\/graniaid-valgorenhetskonsert-7-2-2026\\\/#primaryimage\"},\"image\":{\"@id\":\"https:\\\/\\\/graniaid.fi\\\/sv\\\/graniaid-valgorenhetskonsert-7-2-2026\\\/#primaryimage\"},\"thumbnailUrl\":\"https:\\\/\\\/graniaid.fi\\\/wp-content\\\/uploads\\\/2025\\\/11\\\/GraniAID-1080-x-1920-1-compress.png\",\"datePublished\":\"2025-11-25T08:26:06+00:00\",\"dateModified\":\"2026-02-07T11:09:47+00:00\",\"description\":\"GraniAID \u00e4r en \u00e5rlig v\u00e4lg\u00f6renhetskonsert som sammanf\u00f6r musik, gemenskap och den varma lokala andan i Grankulla. Kv\u00e4llen \u00e4r full av upplevelser, energi och kraften i att arbeta tillsammans - f\u00f6r att hj\u00e4lpa dem som beh\u00f6ver s\u00e4llskap och st\u00f6d i sin vardag. Int\u00e4kterna fr\u00e5n konserten kommer att anv\u00e4ndas f\u00f6r att st\u00f6dja Grans arbete f\u00f6r att minska ensamheten i Grankulla.\",\"breadcrumb\":{\"@id\":\"https:\\\/\\\/graniaid.fi\\\/sv\\\/graniaid-valgorenhetskonsert-7-2-2026\\\/#breadcrumb\"},\"inLanguage\":\"sv-SE\",\"potentialAction\":[{\"@type\":\"ReadAction\",\"target\":[\"https:\\\/\\\/graniaid.fi\\\/sv\\\/graniaid-valgorenhetskonsert-7-2-2026\\\/\"]}]},{\"@type\":\"ImageObject\",\"inLanguage\":\"sv-SE\",\"@id\":\"https:\\\/\\\/graniaid.fi\\\/sv\\\/graniaid-valgorenhetskonsert-7-2-2026\\\/#primaryimage\",\"url\":\"https:\\\/\\\/graniaid.fi\\\/wp-content\\\/uploads\\\/2025\\\/11\\\/GraniAID-1080-x-1920-1-compress.png\",\"contentUrl\":\"https:\\\/\\\/graniaid.fi\\\/wp-content\\\/uploads\\\/2025\\\/11\\\/GraniAID-1080-x-1920-1-compress.png\",\"width\":1920,\"height\":1080},{\"@type\":\"BreadcrumbList\",\"@id\":\"https:\\\/\\\/graniaid.fi\\\/sv\\\/graniaid-valgorenhetskonsert-7-2-2026\\\/#breadcrumb\",\"itemListElement\":[{\"@type\":\"ListItem\",\"position\":1,\"name\":\"Etusivu\",\"item\":\"https:\\\/\\\/graniaid.fi\\\/sv\\\/\"},{\"@type\":\"ListItem\",\"position\":2,\"name\":\"GraniAID 7.2.2026\"}]},{\"@type\":\"WebSite\",\"@id\":\"https:\\\/\\\/graniaid.fi\\\/sv\\\/#website\",\"url\":\"https:\\\/\\\/graniaid.fi\\\/sv\\\/\",\"name\":\"GraniAID\",\"description\":\"Hyv\u00e4ntekev\u00e4isyystapahtuma\",\"publisher\":{\"@id\":\"https:\\\/\\\/graniaid.fi\\\/sv\\\/#organization\"},\"potentialAction\":[{\"@type\":\"SearchAction\",\"target\":{\"@type\":\"EntryPoint\",\"urlTemplate\":\"https:\\\/\\\/graniaid.fi\\\/sv\\\/?s={search_term_string}\"},\"query-input\":{\"@type\":\"PropertyValueSpecification\",\"valueRequired\":true,\"valueName\":\"search_term_string\"}}],\"inLanguage\":\"sv-SE\"},{\"@type\":\"Organization\",\"@id\":\"https:\\\/\\\/graniaid.fi\\\/sv\\\/#organization\",\"name\":\"GraniAID\",\"url\":\"https:\\\/\\\/graniaid.fi\\\/sv\\\/\",\"logo\":{\"@type\":\"ImageObject\",\"inLanguage\":\"sv-SE\",\"@id\":\"https:\\\/\\\/graniaid.fi\\\/sv\\\/#\\\/schema\\\/logo\\\/image\\\/\",\"url\":\"https:\\\/\\\/graniaid.fi\\\/wp-content\\\/uploads\\\/2023\\\/07\\\/graniaid_300.png\",\"contentUrl\":\"https:\\\/\\\/graniaid.fi\\\/wp-content\\\/uploads\\\/2023\\\/07\\\/graniaid_300.png\",\"width\":300,\"height\":300,\"caption\":\"GraniAID\"},\"image\":{\"@id\":\"https:\\\/\\\/graniaid.fi\\\/sv\\\/#\\\/schema\\\/logo\\\/image\\\/\"}}]}<\/script>\n<!-- \/ Yoast SEO plugin. -->","yoast_head_json":{"title":"GraniAID 7.2.2026 - GraniAID","description":"GraniAID \u00e4r en \u00e5rlig v\u00e4lg\u00f6renhetskonsert som sammanf\u00f6r musik, gemenskap och den varma lokala andan i Grankulla. Kv\u00e4llen \u00e4r full av upplevelser, energi och kraften i att arbeta tillsammans - f\u00f6r att hj\u00e4lpa dem som beh\u00f6ver s\u00e4llskap och st\u00f6d i sin vardag. Int\u00e4kterna fr\u00e5n konserten kommer att anv\u00e4ndas f\u00f6r att st\u00f6dja Grans arbete f\u00f6r att minska ensamheten i Grankulla.","robots":{"index":"index","follow":"follow","max-snippet":"max-snippet:-1","max-image-preview":"max-image-preview:large","max-video-preview":"max-video-preview:-1"},"canonical":"https:\/\/graniaid.fi\/sv\/graniaid-valgorenhetskonsert-7-2-2026\/","og_locale":"sv_SE","og_type":"article","og_title":"GraniAID v\u00e4lg\u00f6renhetskonsert 7.2.2026","og_description":"GraniAID \u00e4r en \u00e5rlig v\u00e4lg\u00f6renhetskonsert som sammanf\u00f6r musik, gemenskap och den varma lokala andan i Grankulla. Kv\u00e4llen \u00e4r full av upplevelser, energi och kraften i att arbeta tillsammans - f\u00f6r att hj\u00e4lpa dem som beh\u00f6ver s\u00e4llskap och st\u00f6d i sin vardag. Int\u00e4kterna fr\u00e5n konserten kommer att anv\u00e4ndas f\u00f6r att st\u00f6dja Grans arbete f\u00f6r att minska ensamheten i Grankulla.","og_url":"https:\/\/graniaid.fi\/sv\/graniaid-valgorenhetskonsert-7-2-2026\/","og_site_name":"GraniAID","article_modified_time":"2026-02-07T11:09:47+00:00","og_image":[{"url":"https:\/\/graniaid.fi\/wp-content\/uploads\/2025\/11\/GraniAID-1080-x-1920-1-1024x576.png","type":"","width":"","height":""}],"twitter_card":"summary_large_image","twitter_misc":{"Ber\u00e4knad l\u00e4stid":"2 minuter"},"schema":{"@context":"https:\/\/schema.org","@graph":[{"@type":"WebPage","@id":"https:\/\/graniaid.fi\/sv\/graniaid-valgorenhetskonsert-7-2-2026\/","url":"https:\/\/graniaid.fi\/sv\/graniaid-valgorenhetskonsert-7-2-2026\/","name":"GraniAID 7.2.2026 - GraniAID","isPartOf":{"@id":"https:\/\/graniaid.fi\/sv\/#website"},"primaryImageOfPage":{"@id":"https:\/\/graniaid.fi\/sv\/graniaid-valgorenhetskonsert-7-2-2026\/#primaryimage"},"image":{"@id":"https:\/\/graniaid.fi\/sv\/graniaid-valgorenhetskonsert-7-2-2026\/#primaryimage"},"thumbnailUrl":"https:\/\/graniaid.fi\/wp-content\/uploads\/2025\/11\/GraniAID-1080-x-1920-1-compress.png","datePublished":"2025-11-25T08:26:06+00:00","dateModified":"2026-02-07T11:09:47+00:00","description":"GraniAID \u00e4r en \u00e5rlig v\u00e4lg\u00f6renhetskonsert som sammanf\u00f6r musik, gemenskap och den varma lokala andan i Grankulla. Kv\u00e4llen \u00e4r full av upplevelser, energi och kraften i att arbeta tillsammans - f\u00f6r att hj\u00e4lpa dem som beh\u00f6ver s\u00e4llskap och st\u00f6d i sin vardag. Int\u00e4kterna fr\u00e5n konserten kommer att anv\u00e4ndas f\u00f6r att st\u00f6dja Grans arbete f\u00f6r att minska ensamheten i Grankulla.","breadcrumb":{"@id":"https:\/\/graniaid.fi\/sv\/graniaid-valgorenhetskonsert-7-2-2026\/#breadcrumb"},"inLanguage":"sv-SE","potentialAction":[{"@type":"ReadAction","target":["https:\/\/graniaid.fi\/sv\/graniaid-valgorenhetskonsert-7-2-2026\/"]}]},{"@type":"ImageObject","inLanguage":"sv-SE","@id":"https:\/\/graniaid.fi\/sv\/graniaid-valgorenhetskonsert-7-2-2026\/#primaryimage","url":"https:\/\/graniaid.fi\/wp-content\/uploads\/2025\/11\/GraniAID-1080-x-1920-1-compress.png","contentUrl":"https:\/\/graniaid.fi\/wp-content\/uploads\/2025\/11\/GraniAID-1080-x-1920-1-compress.png","width":1920,"height":1080},{"@type":"BreadcrumbList","@id":"https:\/\/graniaid.fi\/sv\/graniaid-valgorenhetskonsert-7-2-2026\/#breadcrumb","itemListElement":[{"@type":"ListItem","position":1,"name":"Etusivu","item":"https:\/\/graniaid.fi\/sv\/"},{"@type":"ListItem","position":2,"name":"GraniAID 7.2.2026"}]},{"@type":"WebSite","@id":"https:\/\/graniaid.fi\/sv\/#website","url":"https:\/\/graniaid.fi\/sv\/","name":"GraniAID","description":"Hyv\u00e4ntekev\u00e4isyystapahtuma","publisher":{"@id":"https:\/\/graniaid.fi\/sv\/#organization"},"potentialAction":[{"@type":"SearchAction","target":{"@type":"EntryPoint","urlTemplate":"https:\/\/graniaid.fi\/sv\/?s={search_term_string}"},"query-input":{"@type":"PropertyValueSpecification","valueRequired":true,"valueName":"search_term_string"}}],"inLanguage":"sv-SE"},{"@type":"Organization","@id":"https:\/\/graniaid.fi\/sv\/#organization","name":"GraniAID","url":"https:\/\/graniaid.fi\/sv\/","logo":{"@type":"ImageObject","inLanguage":"sv-SE","@id":"https:\/\/graniaid.fi\/sv\/#\/schema\/logo\/image\/","url":"https:\/\/graniaid.fi\/wp-content\/uploads\/2023\/07\/graniaid_300.png","contentUrl":"https:\/\/graniaid.fi\/wp-content\/uploads\/2023\/07\/graniaid_300.png","width":300,"height":300,"caption":"GraniAID"},"image":{"@id":"https:\/\/graniaid.fi\/sv\/#\/schema\/logo\/image\/"}}]}},"_links":{"self":[{"href":"https:\/\/graniaid.fi\/sv\/wp-json\/wp\/v2\/pages\/10867","targetHints":{"allow":["GET"]}}],"collection":[{"href":"https:\/\/graniaid.fi\/sv\/wp-json\/wp\/v2\/pages"}],"about":[{"href":"https:\/\/graniaid.fi\/sv\/wp-json\/wp\/v2\/types\/page"}],"author":[{"embeddable":true,"href":"https:\/\/graniaid.fi\/sv\/wp-json\/wp\/v2\/users\/5"}],"replies":[{"embeddable":true,"href":"https:\/\/graniaid.fi\/sv\/wp-json\/wp\/v2\/comments?post=10867"}],"version-history":[{"count":21,"href":"https:\/\/graniaid.fi\/sv\/wp-json\/wp\/v2\/pages\/10867\/revisions"}],"predecessor-version":[{"id":11397,"href":"https:\/\/graniaid.fi\/sv\/wp-json\/wp\/v2\/pages\/10867\/revisions\/11397"}],"wp:featuredmedia":[{"embeddable":true,"href":"https:\/\/graniaid.fi\/sv\/wp-json\/wp\/v2\/media\/10841"}],"wp:attachment":[{"href":"https:\/\/graniaid.fi\/sv\/wp-json\/wp\/v2\/media?parent=10867"}],"curies":[{"name":"wp","href":"https:\/\/api.w.org\/{rel}","templated":true}]}}