{"id":9346,"date":"2023-07-05T14:58:32","date_gmt":"2023-07-05T11:58:32","guid":{"rendered":"https:\/\/graniaid.fi\/tapahtuma\/valgorenhetsfestivalen-graniaid-2023\/"},"modified":"2023-07-05T16:43:49","modified_gmt":"2023-07-05T13:43:49","slug":"valgorenhetsfestivalen-graniaid-2023","status":"publish","type":"tribe_events","link":"https:\/\/graniaid.fi\/sv\/event\/valgorenhetsfestivalen-graniaid-2023\/","title":{"rendered":"V\u00e4lg\u00f6renhetsfestivalen GraniAID 2023"},"content":{"rendered":"<h1><span style=\"color: #000000;\">V\u00e4lkommen till v\u00e4lg\u00f6renhetsfestivalen GraniAID 2023!<\/span><\/h1>\n<p><span style=\"color: #000000;\">Var med och bygg en v\u00e4lg\u00f6renhetsbro f\u00f6r GraniAID 2023! Vi forts\u00e4tter en tradition som inleddes f\u00f6rra \u00e5ret och samlar m\u00e4nniskor i centrum av Kauniainen 24. Augusti fr\u00e5n 17 till 21. P\u00e5 festivalen kan du njuta av en m\u00e4ngd konst och f\u00f6rel\u00e4sningar om v\u00e4lbefinnande och samtidigt st\u00f6dja en god sak.<\/span><\/p>\n<p><span style=\"color: #000000;\"><strong>Vad kan du f\u00f6rv\u00e4nta dig?<\/strong><\/span><\/p>\n<p><span style=\"color: #000000;\">V\u00e5r festival erbjuder ett varierat program f\u00f6r bes\u00f6kare i alla \u00e5ldrar. Ett scenprogram och f\u00f6rel\u00e4sningar om v\u00e4lbefinnande kommer att ge intressanta upplevelser f\u00f6r hela familjen. Kom, njut och hj\u00e4lp oss att st\u00f6dja v\u00e4lg\u00f6renhetsorganisationen!<\/span><\/p>\n<p><span style=\"color: #000000;\"><strong>Vilka st\u00f6der vi?<\/strong><\/span><\/p>\n<p><span style=\"color: #000000;\">GraniAID-festivalen \u00e4r en insamling till f\u00f6rm\u00e5n f\u00f6r lokala ungdomar och ukrainska flyktingar. Vi \u00e4r fast beslutna att hj\u00e4lpa dem genom att erbjuda m\u00f6jligheter till v\u00e4lbefinnande och inkludering i samh\u00e4llet. De insamlade medlen kommer att kanaliseras via Grani L\u00e4hiapu och anv\u00e4ndas f\u00f6r att bygga en ny multifunktionell plan bredvid ungdomsg\u00e5rden och f\u00f6r att st\u00f6dja integrationen av flyktingar, bland annat.<\/span><\/p>\n<div class=\"elementor-element elementor-element-f7dfaf9 aleft elementor-widget-icon-box wgl-icon-box elementor-view-default elementor-widget elementor-widget-wgl-info-box\" data-id=\"f7dfaf9\" data-element_type=\"widget\" data-widget_type=\"wgl-info-box.default\">\n<div class=\"elementor-widget-container\">\n<div class=\"wgl-infobox\">\n<div class=\"wgl-infobox_wrapper wgl-layout-left\">\n<div class=\"content_wrapper\">\n<div class=\"wgl-infobox_content\">\n<p><span style=\"color: #000000;\">I \u00e5r kommer donationerna att anv\u00e4ndas f\u00f6r att bygga ett multifunktionellt f\u00e4lt bredvid ungdomsg\u00e5rden. &#8211; Id\u00e9n till f\u00e4ltet kom n\u00e4r man funderade p\u00e5 en l\u00e4mplig plats f\u00f6r ett multifunktionellt f\u00e4lt. Det k\u00e4ndes naturligt att placera den p\u00e5 en plats d\u00e4r ungdomar redan vistas, och s\u00e5 blev det. Planen och dess omgivningar kommer att byggas i samarbete med idrotts- och ungdomstj\u00e4nsterna och de lokala myndigheterna.<\/span><\/p>\n<\/div>\n<\/div>\n<\/div>\n<\/div>\n<\/div>\n<\/div>\n<p><span style=\"color: #000000;\"><strong>Var med och g\u00f6r skillnad!<\/strong><\/span><\/p>\n<p><span style=\"color: #000000;\">GraniAID \u00e4r ett utm\u00e4rkt tillf\u00e4lle att njuta av kultur, fr\u00e4mja v\u00e4lbefinnande och g\u00f6ra gott. Bjud in dina v\u00e4nner, kom tillsammans och g\u00f6r skillnad tillsammans med oss. Vi ses p\u00e5 festivalen!<\/span><\/p>\n<h3><a href=\"https:\/\/graniaid.fi\"><strong>L\u00e4s mer om evenemanget p\u00e5 hemsidan<\/strong><\/a><\/h3>\n","protected":false},"excerpt":{"rendered":"<p>Delta i GraniAID 2023-festivalen den 24.8.2023 i centrala Kauniainen. Kulturaktiviteter, f\u00f6rel\u00e4sningar om v\u00e4lbefinnande och chansen att hj\u00e4lpa lokala ungdomar och ukrainska flyktingar. Vi ses p\u00e5 festivalen!<\/p>\n","protected":false},"author":1,"featured_media":8755,"template":"","meta":{"site-sidebar-layout":"default","site-content-layout":"","ast-site-content-layout":"default","site-content-style":"default","site-sidebar-style":"default","ast-global-header-display":"","ast-banner-title-visibility":"","ast-main-header-display":"","ast-hfb-above-header-display":"","ast-hfb-below-header-display":"","ast-hfb-mobile-header-display":"","site-post-title":"","ast-breadcrumbs-content":"","ast-featured-img":"","footer-sml-layout":"","theme-transparent-header-meta":"","adv-header-id-meta":"","stick-header-meta":"","header-above-stick-meta":"","header-main-stick-meta":"","header-below-stick-meta":"","astra-migrate-meta-layouts":"default","ast-page-background-enabled":"default","ast-page-background-meta":{"desktop":{"background-color":"var(--ast-global-color-5)","background-image":"","background-repeat":"repeat","background-position":"center center","background-size":"auto","background-attachment":"scroll","background-type":"","background-media":"","overlay-type":"","overlay-color":"","overlay-opacity":"","overlay-gradient":""},"tablet":{"background-color":"","background-image":"","background-repeat":"repeat","background-position":"center center","background-size":"auto","background-attachment":"scroll","background-type":"","background-media":"","overlay-type":"","overlay-color":"","overlay-opacity":"","overlay-gradient":""},"mobile":{"background-color":"","background-image":"","background-repeat":"repeat","background-position":"center center","background-size":"auto","background-attachment":"scroll","background-type":"","background-media":"","overlay-type":"","overlay-color":"","overlay-opacity":"","overlay-gradient":""}},"ast-content-background-meta":{"desktop":{"background-color":"var(--ast-global-color-4)","background-image":"","background-repeat":"repeat","background-position":"center center","background-size":"auto","background-attachment":"scroll","background-type":"","background-media":"","overlay-type":"","overlay-color":"","overlay-opacity":"","overlay-gradient":""},"tablet":{"background-color":"var(--ast-global-color-4)","background-image":"","background-repeat":"repeat","background-position":"center center","background-size":"auto","background-attachment":"scroll","background-type":"","background-media":"","overlay-type":"","overlay-color":"","overlay-opacity":"","overlay-gradient":""},"mobile":{"background-color":"var(--ast-global-color-4)","background-image":"","background-repeat":"repeat","background-position":"center center","background-size":"auto","background-attachment":"scroll","background-type":"","background-media":"","overlay-type":"","overlay-color":"","overlay-opacity":"","overlay-gradient":""}},"_tribe_events_status":"","_tribe_events_status_reason":"","footnotes":""},"tags":[117,115,123,121,127,118,120,122,124,119,116,125,128,126],"tribe_events_cat":[129],"class_list":["post-9346","tribe_events","type-tribe_events","status-publish","has-post-thumbnail","hentry","tag-festival-sv","tag-graniaid-sv","tag-granin-lokal-hjalp","tag-hallbarhet","tag-icke-statliga-organisationer","tag-kauniainen-sv","tag-kultur","tag-ukrainska-flyktingar","tag-ungdom","tag-valfard","tag-valgorenhet","tag-valgorenhetsevenemang","tag-valgorenhetskonsert","tag-volontararbete","tribe_events_cat-festival-for-valgorenhet","cat_festival-for-valgorenhet"],"yoast_head":"<!-- This site is optimized with the Yoast SEO plugin v27.5 - https:\/\/yoast.com\/product\/yoast-seo-wordpress\/ -->\n<title>GraniAID 24.08.2023: V\u00e4lg\u00f6renhetsfestival i Kauniainen<\/title>\n<meta name=\"description\" content=\"Missa inte v\u00e4lg\u00f6renhetsfestivalen GraniAID 2023 i Kauniainen 24. August! Njut av kultur, friskv\u00e5rdsf\u00f6rel\u00e4sningar och g\u00f6r skillnad genom att donera till lokala ungdomar och ukrainska flyktingar.\" \/>\n<meta name=\"robots\" content=\"index, follow, max-snippet:-1, max-image-preview:large, max-video-preview:-1\" \/>\n<link rel=\"canonical\" href=\"https:\/\/graniaid.fi\/sv\/event\/valgorenhetsfestivalen-graniaid-2023\/\" \/>\n<meta property=\"og:locale\" content=\"sv_SE\" \/>\n<meta property=\"og:type\" content=\"article\" \/>\n<meta property=\"og:title\" content=\"GraniAID 24.08.2023: V\u00e4lg\u00f6renhetsfestival i Kauniainen\" \/>\n<meta property=\"og:description\" content=\"Missa inte v\u00e4lg\u00f6renhetsfestivalen GraniAID 2023 i Kauniainen 24. August! Njut av kultur, friskv\u00e5rdsf\u00f6rel\u00e4sningar och g\u00f6r skillnad genom att donera till lokala ungdomar och ukrainska flyktingar.\" \/>\n<meta property=\"og:url\" content=\"https:\/\/graniaid.fi\/sv\/event\/valgorenhetsfestivalen-graniaid-2023\/\" \/>\n<meta property=\"og:site_name\" content=\"GraniAID\" \/>\n<meta property=\"article:modified_time\" content=\"2023-07-05T13:43:49+00:00\" \/>\n<meta property=\"og:image\" content=\"https:\/\/graniaid.fi\/wp-content\/uploads\/2023\/06\/IMG_3011-2-scaled-e1688555873279.jpg\" \/>\n\t<meta property=\"og:image:width\" content=\"2560\" \/>\n\t<meta property=\"og:image:height\" content=\"1707\" \/>\n\t<meta property=\"og:image:type\" content=\"image\/jpeg\" \/>\n<meta name=\"twitter:card\" content=\"summary_large_image\" \/>\n<meta name=\"twitter:label1\" content=\"Ber\u00e4knad l\u00e4stid\" \/>\n\t<meta name=\"twitter:data1\" content=\"2 minuter\" \/>\n<script type=\"application\/ld+json\" class=\"yoast-schema-graph\">{\"@context\":\"https:\\\/\\\/schema.org\",\"@graph\":[{\"@type\":\"WebPage\",\"@id\":\"https:\\\/\\\/graniaid.fi\\\/sv\\\/event\\\/valgorenhetsfestivalen-graniaid-2023\\\/\",\"url\":\"https:\\\/\\\/graniaid.fi\\\/sv\\\/event\\\/valgorenhetsfestivalen-graniaid-2023\\\/\",\"name\":\"GraniAID 24.08.2023: V\u00e4lg\u00f6renhetsfestival i Kauniainen\",\"isPartOf\":{\"@id\":\"https:\\\/\\\/graniaid.fi\\\/sv\\\/#website\"},\"primaryImageOfPage\":{\"@id\":\"https:\\\/\\\/graniaid.fi\\\/sv\\\/event\\\/valgorenhetsfestivalen-graniaid-2023\\\/#primaryimage\"},\"image\":{\"@id\":\"https:\\\/\\\/graniaid.fi\\\/sv\\\/event\\\/valgorenhetsfestivalen-graniaid-2023\\\/#primaryimage\"},\"thumbnailUrl\":\"https:\\\/\\\/graniaid.fi\\\/wp-content\\\/uploads\\\/2023\\\/06\\\/IMG_3011-2-scaled-e1688555873279.jpg\",\"datePublished\":\"2023-07-05T11:58:32+00:00\",\"dateModified\":\"2023-07-05T13:43:49+00:00\",\"description\":\"Missa inte v\u00e4lg\u00f6renhetsfestivalen GraniAID 2023 i Kauniainen 24. August! Njut av kultur, friskv\u00e5rdsf\u00f6rel\u00e4sningar och g\u00f6r skillnad genom att donera till lokala ungdomar och ukrainska flyktingar.\",\"breadcrumb\":{\"@id\":\"https:\\\/\\\/graniaid.fi\\\/sv\\\/event\\\/valgorenhetsfestivalen-graniaid-2023\\\/#breadcrumb\"},\"inLanguage\":\"sv-SE\",\"potentialAction\":[{\"@type\":\"ReadAction\",\"target\":[\"https:\\\/\\\/graniaid.fi\\\/sv\\\/event\\\/valgorenhetsfestivalen-graniaid-2023\\\/\"]}]},{\"@type\":\"ImageObject\",\"inLanguage\":\"sv-SE\",\"@id\":\"https:\\\/\\\/graniaid.fi\\\/sv\\\/event\\\/valgorenhetsfestivalen-graniaid-2023\\\/#primaryimage\",\"url\":\"https:\\\/\\\/graniaid.fi\\\/wp-content\\\/uploads\\\/2023\\\/06\\\/IMG_3011-2-scaled-e1688555873279.jpg\",\"contentUrl\":\"https:\\\/\\\/graniaid.fi\\\/wp-content\\\/uploads\\\/2023\\\/06\\\/IMG_3011-2-scaled-e1688555873279.jpg\",\"width\":2560,\"height\":1707},{\"@type\":\"BreadcrumbList\",\"@id\":\"https:\\\/\\\/graniaid.fi\\\/sv\\\/event\\\/valgorenhetsfestivalen-graniaid-2023\\\/#breadcrumb\",\"itemListElement\":[{\"@type\":\"ListItem\",\"position\":1,\"name\":\"Etusivu\",\"item\":\"https:\\\/\\\/graniaid.fi\\\/sv\\\/\"},{\"@type\":\"ListItem\",\"position\":2,\"name\":\"Evenemang\",\"item\":\"https:\\\/\\\/graniaid.fi\\\/sv\\\/events\\\/\"},{\"@type\":\"ListItem\",\"position\":3,\"name\":\"V\u00e4lg\u00f6renhetsfestivalen GraniAID 2023\"}]},{\"@type\":\"WebSite\",\"@id\":\"https:\\\/\\\/graniaid.fi\\\/sv\\\/#website\",\"url\":\"https:\\\/\\\/graniaid.fi\\\/sv\\\/\",\"name\":\"GraniAID\",\"description\":\"Hyv\u00e4ntekev\u00e4isyystapahtuma\",\"publisher\":{\"@id\":\"https:\\\/\\\/graniaid.fi\\\/sv\\\/#organization\"},\"potentialAction\":[{\"@type\":\"SearchAction\",\"target\":{\"@type\":\"EntryPoint\",\"urlTemplate\":\"https:\\\/\\\/graniaid.fi\\\/sv\\\/?s={search_term_string}\"},\"query-input\":{\"@type\":\"PropertyValueSpecification\",\"valueRequired\":true,\"valueName\":\"search_term_string\"}}],\"inLanguage\":\"sv-SE\"},{\"@type\":\"Organization\",\"@id\":\"https:\\\/\\\/graniaid.fi\\\/sv\\\/#organization\",\"name\":\"GraniAID\",\"url\":\"https:\\\/\\\/graniaid.fi\\\/sv\\\/\",\"logo\":{\"@type\":\"ImageObject\",\"inLanguage\":\"sv-SE\",\"@id\":\"https:\\\/\\\/graniaid.fi\\\/sv\\\/#\\\/schema\\\/logo\\\/image\\\/\",\"url\":\"https:\\\/\\\/graniaid.fi\\\/wp-content\\\/uploads\\\/2023\\\/07\\\/graniaid_300.png\",\"contentUrl\":\"https:\\\/\\\/graniaid.fi\\\/wp-content\\\/uploads\\\/2023\\\/07\\\/graniaid_300.png\",\"width\":300,\"height\":300,\"caption\":\"GraniAID\"},\"image\":{\"@id\":\"https:\\\/\\\/graniaid.fi\\\/sv\\\/#\\\/schema\\\/logo\\\/image\\\/\"}}]}<\/script>\n<!-- \/ Yoast SEO plugin. -->","yoast_head_json":{"title":"GraniAID 24.08.2023: V\u00e4lg\u00f6renhetsfestival i Kauniainen","description":"Missa inte v\u00e4lg\u00f6renhetsfestivalen GraniAID 2023 i Kauniainen 24. August! Njut av kultur, friskv\u00e5rdsf\u00f6rel\u00e4sningar och g\u00f6r skillnad genom att donera till lokala ungdomar och ukrainska flyktingar.","robots":{"index":"index","follow":"follow","max-snippet":"max-snippet:-1","max-image-preview":"max-image-preview:large","max-video-preview":"max-video-preview:-1"},"canonical":"https:\/\/graniaid.fi\/sv\/event\/valgorenhetsfestivalen-graniaid-2023\/","og_locale":"sv_SE","og_type":"article","og_title":"GraniAID 24.08.2023: V\u00e4lg\u00f6renhetsfestival i Kauniainen","og_description":"Missa inte v\u00e4lg\u00f6renhetsfestivalen GraniAID 2023 i Kauniainen 24. August! Njut av kultur, friskv\u00e5rdsf\u00f6rel\u00e4sningar och g\u00f6r skillnad genom att donera till lokala ungdomar och ukrainska flyktingar.","og_url":"https:\/\/graniaid.fi\/sv\/event\/valgorenhetsfestivalen-graniaid-2023\/","og_site_name":"GraniAID","article_modified_time":"2023-07-05T13:43:49+00:00","og_image":[{"width":2560,"height":1707,"url":"https:\/\/graniaid.fi\/wp-content\/uploads\/2023\/06\/IMG_3011-2-scaled-e1688555873279.jpg","type":"image\/jpeg"}],"twitter_card":"summary_large_image","twitter_misc":{"Ber\u00e4knad l\u00e4stid":"2 minuter"},"schema":{"@context":"https:\/\/schema.org","@graph":[{"@type":"WebPage","@id":"https:\/\/graniaid.fi\/sv\/event\/valgorenhetsfestivalen-graniaid-2023\/","url":"https:\/\/graniaid.fi\/sv\/event\/valgorenhetsfestivalen-graniaid-2023\/","name":"GraniAID 24.08.2023: V\u00e4lg\u00f6renhetsfestival i Kauniainen","isPartOf":{"@id":"https:\/\/graniaid.fi\/sv\/#website"},"primaryImageOfPage":{"@id":"https:\/\/graniaid.fi\/sv\/event\/valgorenhetsfestivalen-graniaid-2023\/#primaryimage"},"image":{"@id":"https:\/\/graniaid.fi\/sv\/event\/valgorenhetsfestivalen-graniaid-2023\/#primaryimage"},"thumbnailUrl":"https:\/\/graniaid.fi\/wp-content\/uploads\/2023\/06\/IMG_3011-2-scaled-e1688555873279.jpg","datePublished":"2023-07-05T11:58:32+00:00","dateModified":"2023-07-05T13:43:49+00:00","description":"Missa inte v\u00e4lg\u00f6renhetsfestivalen GraniAID 2023 i Kauniainen 24. August! Njut av kultur, friskv\u00e5rdsf\u00f6rel\u00e4sningar och g\u00f6r skillnad genom att donera till lokala ungdomar och ukrainska flyktingar.","breadcrumb":{"@id":"https:\/\/graniaid.fi\/sv\/event\/valgorenhetsfestivalen-graniaid-2023\/#breadcrumb"},"inLanguage":"sv-SE","potentialAction":[{"@type":"ReadAction","target":["https:\/\/graniaid.fi\/sv\/event\/valgorenhetsfestivalen-graniaid-2023\/"]}]},{"@type":"ImageObject","inLanguage":"sv-SE","@id":"https:\/\/graniaid.fi\/sv\/event\/valgorenhetsfestivalen-graniaid-2023\/#primaryimage","url":"https:\/\/graniaid.fi\/wp-content\/uploads\/2023\/06\/IMG_3011-2-scaled-e1688555873279.jpg","contentUrl":"https:\/\/graniaid.fi\/wp-content\/uploads\/2023\/06\/IMG_3011-2-scaled-e1688555873279.jpg","width":2560,"height":1707},{"@type":"BreadcrumbList","@id":"https:\/\/graniaid.fi\/sv\/event\/valgorenhetsfestivalen-graniaid-2023\/#breadcrumb","itemListElement":[{"@type":"ListItem","position":1,"name":"Etusivu","item":"https:\/\/graniaid.fi\/sv\/"},{"@type":"ListItem","position":2,"name":"Evenemang","item":"https:\/\/graniaid.fi\/sv\/events\/"},{"@type":"ListItem","position":3,"name":"V\u00e4lg\u00f6renhetsfestivalen GraniAID 2023"}]},{"@type":"WebSite","@id":"https:\/\/graniaid.fi\/sv\/#website","url":"https:\/\/graniaid.fi\/sv\/","name":"GraniAID","description":"Hyv\u00e4ntekev\u00e4isyystapahtuma","publisher":{"@id":"https:\/\/graniaid.fi\/sv\/#organization"},"potentialAction":[{"@type":"SearchAction","target":{"@type":"EntryPoint","urlTemplate":"https:\/\/graniaid.fi\/sv\/?s={search_term_string}"},"query-input":{"@type":"PropertyValueSpecification","valueRequired":true,"valueName":"search_term_string"}}],"inLanguage":"sv-SE"},{"@type":"Organization","@id":"https:\/\/graniaid.fi\/sv\/#organization","name":"GraniAID","url":"https:\/\/graniaid.fi\/sv\/","logo":{"@type":"ImageObject","inLanguage":"sv-SE","@id":"https:\/\/graniaid.fi\/sv\/#\/schema\/logo\/image\/","url":"https:\/\/graniaid.fi\/wp-content\/uploads\/2023\/07\/graniaid_300.png","contentUrl":"https:\/\/graniaid.fi\/wp-content\/uploads\/2023\/07\/graniaid_300.png","width":300,"height":300,"caption":"GraniAID"},"image":{"@id":"https:\/\/graniaid.fi\/sv\/#\/schema\/logo\/image\/"}}]}},"_links":{"self":[{"href":"https:\/\/graniaid.fi\/sv\/wp-json\/wp\/v2\/tribe_events\/9346","targetHints":{"allow":["GET"]}}],"collection":[{"href":"https:\/\/graniaid.fi\/sv\/wp-json\/wp\/v2\/tribe_events"}],"about":[{"href":"https:\/\/graniaid.fi\/sv\/wp-json\/wp\/v2\/types\/tribe_events"}],"author":[{"embeddable":true,"href":"https:\/\/graniaid.fi\/sv\/wp-json\/wp\/v2\/users\/1"}],"version-history":[{"count":3,"href":"https:\/\/graniaid.fi\/sv\/wp-json\/wp\/v2\/tribe_events\/9346\/revisions"}],"predecessor-version":[{"id":9361,"href":"https:\/\/graniaid.fi\/sv\/wp-json\/wp\/v2\/tribe_events\/9346\/revisions\/9361"}],"wp:featuredmedia":[{"embeddable":true,"href":"https:\/\/graniaid.fi\/sv\/wp-json\/wp\/v2\/media\/8755"}],"wp:attachment":[{"href":"https:\/\/graniaid.fi\/sv\/wp-json\/wp\/v2\/media?parent=9346"}],"wp:term":[{"taxonomy":"post_tag","embeddable":true,"href":"https:\/\/graniaid.fi\/sv\/wp-json\/wp\/v2\/tags?post=9346"},{"taxonomy":"tribe_events_cat","embeddable":true,"href":"https:\/\/graniaid.fi\/sv\/wp-json\/wp\/v2\/tribe_events_cat?post=9346"}],"curies":[{"name":"wp","href":"https:\/\/api.w.org\/{rel}","templated":true}]}}